{"id":8298,"date":"2025-10-31T10:29:10","date_gmt":"2025-10-31T07:29:10","guid":{"rendered":"https:\/\/halklailiskiler.avrasya.edu.tr\/?page_id=8298"},"modified":"2025-10-31T10:29:11","modified_gmt":"2025-10-31T07:29:11","slug":"program-ogrenim-ciktilari","status":"publish","type":"page","link":"https:\/\/halklailiskiler.avrasya.edu.tr\/?page_id=8298","title":{"rendered":"Program \u00d6\u011frenim \u00c7\u0131kt\u0131lar\u0131"},"content":{"rendered":"\n<p><strong>P\u00d6\u00c71:<\/strong>\u00a0Halkla ili\u015fkiler, reklamc\u0131l\u0131k, marka ileti\u015fimi, pazarlama ileti\u015fimi, ikna edici ileti\u015fim, ileti\u015fim y\u00f6netimi, kurumsal ileti\u015fim alanlar\u0131na ili\u015fkin yasa ve mevzuat\u0131n bilincinde olur ve bunlara uygun davran\u0131r.<\/p>\n\n\n\n<p><strong>P\u00d6\u00c72:<\/strong>&nbsp;Alan\u0131n dinamiklerine b\u00fct\u00fcnle\u015fik bir bak\u0131\u015f a\u00e7\u0131s\u0131 ile yakla\u015fabilir; yarat\u0131c\u0131 ve ele\u015ftirel d\u00fc\u015f\u00fcnerek \u00f6zg\u00fcn ve yarat\u0131c\u0131 stratejiler geli\u015ftirir. <\/p>\n\n\n\n<p><strong>P\u00d6\u00c73:<\/strong>\u00a0Sosyal bilimler alan\u0131nda orta\u00f6\u011frenimde kazan\u0131lan bilgi, beceri ve yetkinlikler \u00fczerine in\u015fa edilmi\u015f, halkla ili\u015fkiler, reklamc\u0131l\u0131k, marka ileti\u015fimi, pazarlama ileti\u015fimi, ikna edici ileti\u015fim, ileti\u015fim y\u00f6netimi, kurumsal ileti\u015fim alanlar\u0131 ile ilgili kavramlar\u0131 ve kavramlar aras\u0131 ili\u015fkileri a\u00e7\u0131klar.<\/p>\n\n\n\n<p><strong>P\u00d6\u00c74:<\/strong>\u00a0Bilimsel bilginin \u00fcretimi ile ilgili s\u00fcre\u00e7leri y\u00f6ntem ve teknikleri te\u015fhis eder.<\/p>\n\n\n\n<p><strong>P\u00d6\u00c75:<\/strong>&nbsp;Halkla ili\u015fkiler, reklamc\u0131l\u0131k, marka ileti\u015fimi, pazarlama ileti\u015fimi, ikna edici ileti\u015fim, ileti\u015fim y\u00f6netimi, kurumsal ileti\u015fim alanlar\u0131n en yeni bilgilerini i\u00e7eren ders malzemeleri ve di\u011fer kaynaklarla desteklenen ileri d\u00fczeyde kavramsal ve uygulamal\u0131 konular\u0131nda bilgi sahibidir.<\/p>\n\n\n\n<p><strong>P\u00d6\u00c76:<\/strong>&nbsp;Halkla ili\u015fkiler, reklamc\u0131l\u0131k, marka ileti\u015fimi, pazarlama ileti\u015fimi, ikna edici ileti\u015fim, ileti\u015fim y\u00f6netimi, kurumsal ileti\u015fim alanlar\u0131 ile ilgili t\u00fcm payda\u015flar\u0131n ileti\u015fim \u00f6zellikleri ve ya\u015fad\u0131\u011f\u0131 ileti\u015fim sorunlar\u0131 konular\u0131nda bilgi sahibidir.<\/p>\n\n\n\n<p><strong>P\u00d6\u00c77:<\/strong>\u00a0\u0130leti\u015fim ortam ve ara\u00e7lar\u0131n\u0131 yetkin bir \u015fekilde kullanabilme bilgisine sahiptir.<br><strong>P\u00d6\u00c78:<\/strong>\u00a0Halkla ili\u015fkiler, reklamc\u0131l\u0131k, marka ileti\u015fimi, pazarlama ileti\u015fimi, ikna edici ileti\u015fim, ileti\u015fim y\u00f6netimi, kurumsal ileti\u015fim alanlar\u0131nda faaliyet g\u00f6steren kurumlar\u0131n yap\u0131sal ve y\u00f6netsel \u00f6zelliklerini tan\u0131r.<\/p>\n\n\n\n<p><strong>P\u00d6\u00c79:<\/strong>\u00a0Halkla ili\u015fkiler, reklamc\u0131l\u0131k, marka ileti\u015fimi, pazarlama ileti\u015fimi, ikna edici ileti\u015fim, ileti\u015fim y\u00f6netimi, kurumsal ileti\u015fim alanlar\u0131n\u0131n ulusal, uluslararas\u0131, k\u00fclt\u00fcrleraras\u0131 boyutlar\u0131n\u0131 tan\u0131r.<\/p>\n\n\n\n<p><strong>P\u00d6\u00c710:<\/strong> Halkla ili\u015fkiler, reklamc\u0131l\u0131k, marka ileti\u015fimi, pazarlama ileti\u015fimi, ikna edici ileti\u015fim, ileti\u015fim y\u00f6netimi, kurumsal ileti\u015fim alanlar\u0131nda edindi\u011fi ileri d\u00fczeydeki kavramsal ve uygulamal\u0131 bilgileri kullan\u0131r.<\/p>\n\n\n\n<p><strong>P\u00d6\u00c711:<\/strong>\u00a0Halkla ili\u015fkiler, reklamc\u0131l\u0131k, marka ileti\u015fimi, pazarlama ileti\u015fimi, ikna edici ileti\u015fim, ileti\u015fim y\u00f6netimi, kurumsal ileti\u015fim alanlar\u0131 ile ili\u015fkili olay ve olgular aras\u0131ndaki ili\u015fkileri, problemleri saptama ve a\u00e7\u0131klama becerisine sahiptir.<\/p>\n\n\n\n<p><strong>P\u00d6\u00c712:<\/strong> Halkla ili\u015fkiler, reklamc\u0131l\u0131k, marka ileti\u015fimi, pazarlama ileti\u015fimi, ikna edici ileti\u015fim, ileti\u015fim y\u00f6netimi, kurumsal ileti\u015fim alanlar\u0131 ile ilgili \u00f6zg\u00fcn fikirleri yarat\u0131c\u0131 bir \u015fekilde a\u00e7\u0131klar.<\/p>\n\n\n\n<p><strong>P\u00d6\u00c713:<\/strong> Halkla ili\u015fkiler, reklamc\u0131l\u0131k, marka ileti\u015fimi, pazarlama ileti\u015fimi, ikna edici ileti\u015fim, ileti\u015fim y\u00f6netimi, kurumsal ileti\u015fim alanlar\u0131ndaki payda\u015flar\u0131n ileti\u015fim \u00f6zelliklerini, ihtiya\u00e7lar\u0131n\u0131 ya da farkl\u0131l\u0131klar\u0131n\u0131 dikkate alarak uygun ileti\u015fim strateji y\u00f6ntem ve teknikleri geli\u015ftirir ve uygular.<\/p>\n\n\n\n<p><strong>P\u00d6\u00c714:<\/strong> Halkla ili\u015fkiler, reklamc\u0131l\u0131k, marka ileti\u015fimi, pazarlama ileti\u015fimi, ikna edici ileti\u015fim, ileti\u015fim y\u00f6netimi, kurumsal ileti\u015fim alanlar\u0131nda bireysel ya da grup \u00e7al\u0131\u015fmalar\u0131nda sorumluluk al\u0131r ve al\u0131nan g\u00f6revleri yerine getirir ya da ba\u011f\u0131ms\u0131z olarak y\u00fcr\u00fct\u00fcr.<\/p>\n\n\n\n<p><strong>P\u00d6\u00c715:<\/strong> Birey olarak yarat\u0131c\u0131 ve g\u00fc\u00e7l\u00fc y\u00f6nlerinin fark\u0131na var\u0131r ve kullan\u0131r.<\/p>\n","protected":false},"excerpt":{"rendered":"<p>P\u00d6\u00c71:\u00a0Halkla ili\u015fkiler, reklamc\u0131l\u0131k, marka ileti\u015fimi, pazarlama ileti\u015fimi, ikna edici ileti\u015fim, ileti\u015fim y\u00f6netimi, kurumsal ileti\u015fim alanlar\u0131na ili\u015fkin yasa ve mevzuat\u0131n bilincinde olur ve bunlara uygun davran\u0131r. P\u00d6\u00c72:&nbsp;Alan\u0131n dinamiklerine b\u00fct\u00fcnle\u015fik bir bak\u0131\u015f [&hellip;]<\/p>\n","protected":false},"author":1,"featured_media":0,"parent":0,"menu_order":0,"comment_status":"closed","ping_status":"closed","template":"","meta":{"footnotes":""},"class_list":["post-8298","page","type-page","status-publish","hentry"],"_links":{"self":[{"href":"https:\/\/halklailiskiler.avrasya.edu.tr\/index.php?rest_route=\/wp\/v2\/pages\/8298","targetHints":{"allow":["GET"]}}],"collection":[{"href":"https:\/\/halklailiskiler.avrasya.edu.tr\/index.php?rest_route=\/wp\/v2\/pages"}],"about":[{"href":"https:\/\/halklailiskiler.avrasya.edu.tr\/index.php?rest_route=\/wp\/v2\/types\/page"}],"author":[{"embeddable":true,"href":"https:\/\/halklailiskiler.avrasya.edu.tr\/index.php?rest_route=\/wp\/v2\/users\/1"}],"replies":[{"embeddable":true,"href":"https:\/\/halklailiskiler.avrasya.edu.tr\/index.php?rest_route=%2Fwp%2Fv2%2Fcomments&post=8298"}],"version-history":[{"count":4,"href":"https:\/\/halklailiskiler.avrasya.edu.tr\/index.php?rest_route=\/wp\/v2\/pages\/8298\/revisions"}],"predecessor-version":[{"id":8382,"href":"https:\/\/halklailiskiler.avrasya.edu.tr\/index.php?rest_route=\/wp\/v2\/pages\/8298\/revisions\/8382"}],"wp:attachment":[{"href":"https:\/\/halklailiskiler.avrasya.edu.tr\/index.php?rest_route=%2Fwp%2Fv2%2Fmedia&parent=8298"}],"curies":[{"name":"wp","href":"https:\/\/api.w.org\/{rel}","templated":true}]}}